{"id":18177,"date":"2024-04-04T17:04:19","date_gmt":"2024-04-04T15:04:19","guid":{"rendered":"https:\/\/dev.kueche-schweiz.ch\/consommateurs-et-maitres-douvrage\/inspiration-cuisine\/projets-de-prix\/"},"modified":"2025-12-03T12:41:52","modified_gmt":"2025-12-03T11:41:52","slug":"projets-de-prix","status":"publish","type":"page","link":"https:\/\/kueche-schweiz.ch\/fr\/consommateurs-et-maitres-douvrage\/inspiration-cuisine\/projets-de-prix\/","title":{"rendered":"Projets de prix"},"content":{"rendered":"\n<div class=\"wp-block-group alignwide is-layout-constrained wp-block-group-is-layout-constrained\">\n<div class=\"wp-block-media-text alignwide is-stacked-on-mobile is-image-fill-element is-cover is-style-default has-background-color has-primary-background-color has-text-color has-background has-link-color wp-elements-969d5ac7d3c23fb3c625553f2bdc5e8d\"><figure class=\"wp-block-media-text__media\"><img loading=\"lazy\" decoding=\"async\" width=\"1024\" height=\"768\" src=\"https:\/\/kueche-schweiz.ch\/app\/uploads\/2025\/11\/LUNAVO_31086_file_image_lead-1024x768.jpg\" alt=\"\" class=\"wp-image-33629 size-full\" style=\"object-position:50% 50%\" srcset=\"https:\/\/kueche-schweiz.ch\/app\/uploads\/2025\/11\/LUNAVO_31086_file_image_lead-1024x768.jpg 1024w, https:\/\/kueche-schweiz.ch\/app\/uploads\/2025\/11\/LUNAVO_31086_file_image_lead-300x225.jpg 300w, https:\/\/kueche-schweiz.ch\/app\/uploads\/2025\/11\/LUNAVO_31086_file_image_lead-768x576.jpg 768w, https:\/\/kueche-schweiz.ch\/app\/uploads\/2025\/11\/LUNAVO_31086_file_image_lead-1536x1152.jpg 1536w, https:\/\/kueche-schweiz.ch\/app\/uploads\/2025\/11\/LUNAVO_31086_file_image_lead-2048x1536.jpg 2048w\" sizes=\"auto, (max-width: 1024px) 100vw, 1024px\" \/><\/figure><div class=\"wp-block-media-text__content\"><div class=\"yoast-breadcrumbs\"><span><span><a href=\"https:\/\/kueche-schweiz.ch\/fr\/\">Page d&#8217;accueil<\/a><\/span> \u00bb <span><a href=\"https:\/\/kueche-schweiz.ch\/fr\/consommateurs-et-maitres-douvrage\/\">Consommateurs et ma\u00eetres d&#8217;ouvrage<\/a><\/span> \u00bb <span><a href=\"https:\/\/kueche-schweiz.ch\/fr\/consommateurs-et-maitres-douvrage\/inspiration-cuisine\/\">Inspiration cuisine<\/a><\/span> \u00bb <span class=\"breadcrumb_last\" aria-current=\"page\">Projets de prix<\/span><\/span><\/div>\n\n\n<h2 class=\"wp-block-heading\">Prix de la soumission de projets<\/h2>\n\n\n\n<p>Les projets soumis pour le SWISS KITCHEN AWARD sont une mine d&#8217;inspiration et d&#8217;id\u00e9es pour tous ceux qui souhaitent r\u00e9nover ou cr\u00e9er leur cuisine. Des concepts d&#8217;espace innovants aux combinaisons cr\u00e9atives de mat\u00e9riaux, il existe une multitude de designs \u00e0 la fois fonctionnels et esth\u00e9tiques. D\u00e9couvrez comment l&#8217;artisanat d&#8217;art et le design innovant peuvent faire de votre cuisine de r\u00eave une r\u00e9alit\u00e9.<\/p>\n<\/div><\/div>\n<\/div>\n\n\n\n<div class=\"wp-block-group alignfull has-background-background-color has-background is-layout-constrained wp-block-group-is-layout-constrained\">\n<div class=\"wp-block-group highlight-box has-background-color has-black-background-color has-text-color has-background has-link-color wp-elements-5a8d1e6342adfdadd82c8e943ed3c46e is-layout-constrained wp-block-group-is-layout-constrained\">\n<h2 class=\"wp-block-heading has-text-align-center\">Projets r\u00e9compens\u00e9s par ann\u00e9e<\/h2>\n\n\n<div class=\"wp-block-buttons is-content-justification-center is-layout-flex wp-block-buttons-is-layout-flex filter-button-list\"><div class=\"wp-block-button is-style-outline\"><a class=\"wp-block-button__link\" href=\"\/fr\/wp-json\/wp\/v2\/pages\/18177?taxfilter=kitchenproject-category:*\">Toutes cat\u00e9gories<\/a><\/div><div class=\"wp-block-button is-style-outline\"><a class=\"wp-block-button__link\" href=\"\/fr\/wp-json\/wp\/v2\/pages\/18177?taxfilter=kitchenproject-category:52\">La plus belle cuisine<\/a><\/div><div class=\"wp-block-button is-style-outline\"><a class=\"wp-block-button__link\" href=\"\/fr\/wp-json\/wp\/v2\/pages\/18177?taxfilter=kitchenproject-category:51\">Meilleure transformation<\/a><\/div><\/div><div class=\"wp-block-buttons is-content-justification-center is-layout-flex wp-block-buttons-is-layout-flex filter-button-list\"><div class=\"wp-block-button is-style-outline\"><a class=\"wp-block-button__link\" href=\"\/fr\/wp-json\/wp\/v2\/pages\/18177?taxfilter=kitchenproject-year:*\">Alle Jahre<\/a><\/div><div class=\"wp-block-button is-style-outline\"><a class=\"wp-block-button__link\" href=\"\/fr\/wp-json\/wp\/v2\/pages\/18177?taxfilter=kitchenproject-year:141\">2025<\/a><\/div><div class=\"wp-block-button is-style-outline\"><a class=\"wp-block-button__link\" href=\"\/fr\/wp-json\/wp\/v2\/pages\/18177?taxfilter=kitchenproject-year:54\">2023<\/a><\/div><div class=\"wp-block-button is-style-outline\"><a class=\"wp-block-button__link\" href=\"\/fr\/wp-json\/wp\/v2\/pages\/18177?taxfilter=kitchenproject-year:53\">2021<\/a><\/div><div class=\"wp-block-button is-style-outline\"><a class=\"wp-block-button__link\" href=\"\/fr\/wp-json\/wp\/v2\/pages\/18177?taxfilter=kitchenproject-year:57\">2019<\/a><\/div><div class=\"wp-block-button is-style-outline\"><a class=\"wp-block-button__link\" href=\"\/fr\/wp-json\/wp\/v2\/pages\/18177?taxfilter=kitchenproject-year:56\">2017<\/a><\/div><div class=\"wp-block-button is-style-outline\"><a class=\"wp-block-button__link\" href=\"\/fr\/wp-json\/wp\/v2\/pages\/18177?taxfilter=kitchenproject-year:55\">2015<\/a><\/div><div class=\"wp-block-button is-style-outline\"><a class=\"wp-block-button__link\" href=\"\/fr\/wp-json\/wp\/v2\/pages\/18177?taxfilter=kitchenproject-year:109\">2013<\/a><\/div><\/div><\/div>\n<\/div>\n\n\n\n<div class=\"wp-block-group alignfull is-style-narrow has-background-background-color has-background is-layout-constrained wp-block-group-is-layout-constrained\">\n<div class=\"wp-block-query alignwide kitchenproject-query is-layout-constrained wp-block-query-is-layout-constrained\"><ul class=\"columns-2 alignwide wp-block-post-template is-layout-grid wp-container-core-post-template-is-layout-02493678 wp-block-post-template-is-layout-grid\"><li class=\"wp-block-post post-36903 kitchenproject type-kitchenproject status-publish has-post-thumbnail hentry kitchenproject-category-schoenste-kueche-fr kitchenproject-year-2013-2\">\n\n<div class=\"wp-block-group is-layout-constrained wp-block-group-is-layout-constrained\"><figure style=\"aspect-ratio:16\/9; margin-top:calc(1.75 * var(--wp--style--block-gap));\" class=\"alignwide wp-block-post-featured-image\"><a href=\"https:\/\/kueche-schweiz.ch\/fr\/kitchenproject\/elegante-runde\/\" target=\"_self\"  ><img loading=\"lazy\" decoding=\"async\" width=\"960\" height=\"640\" src=\"https:\/\/kueche-schweiz.ch\/app\/uploads\/2026\/02\/Walser-Kueche.jpg\" class=\"attachment-post-thumbnail size-post-thumbnail wp-post-image\" alt=\"\u00c9L\u00c9GANCE EN ROND\" style=\"width:100%;height:100%;object-fit:cover;\" srcset=\"https:\/\/kueche-schweiz.ch\/app\/uploads\/2026\/02\/Walser-Kueche.jpg 960w, https:\/\/kueche-schweiz.ch\/app\/uploads\/2026\/02\/Walser-Kueche-300x200.jpg 300w, https:\/\/kueche-schweiz.ch\/app\/uploads\/2026\/02\/Walser-Kueche-768x512.jpg 768w\" sizes=\"auto, (max-width: 960px) 100vw, 960px\" \/><\/a><\/figure>\n\n<h3 style=\"font-style:normal;font-weight:700;\" class=\"alignwide wp-block-post-title has-var-wp-custom-typography-font-size-huge-clamp-2-25-rem-4-vw-2-75-rem-font-size\">\u00c9L\u00c9GANCE EN ROND<\/h3>\n\n<div class=\"hersteller-info no-underlines\"><a href=\"https:\/\/www.joerimann-schreinerei.ch\" class=\"hersteller-name\">J\u00f6rimann Schreinerie AG<\/a><br \/><span class=\"hersteller-location\">Chur<\/span><\/div>\n\n\n<div style=\"height:16px\" aria-hidden=\"true\" class=\"wp-block-spacer\"><\/div>\n<\/div>\n\n<\/li><li class=\"wp-block-post post-36901 kitchenproject type-kitchenproject status-publish has-post-thumbnail hentry kitchenproject-category-schoenste-kueche-fr kitchenproject-year-2013-2\">\n\n<div class=\"wp-block-group is-layout-constrained wp-block-group-is-layout-constrained\"><figure style=\"aspect-ratio:16\/9; margin-top:calc(1.75 * var(--wp--style--block-gap));\" class=\"alignwide wp-block-post-featured-image\"><a href=\"https:\/\/kueche-schweiz.ch\/fr\/kitchenproject\/miracle-despace\/\" target=\"_self\"  ><img loading=\"lazy\" decoding=\"async\" width=\"2560\" height=\"1708\" src=\"https:\/\/kueche-schweiz.ch\/app\/uploads\/2026\/02\/DSC_5851_korr-scaled.jpg\" class=\"attachment-post-thumbnail size-post-thumbnail wp-post-image\" alt=\"MIRACLE D&#8217;ESPACE\" style=\"width:100%;height:100%;object-fit:cover;\" srcset=\"https:\/\/kueche-schweiz.ch\/app\/uploads\/2026\/02\/DSC_5851_korr-scaled.jpg 2560w, https:\/\/kueche-schweiz.ch\/app\/uploads\/2026\/02\/DSC_5851_korr-300x200.jpg 300w, https:\/\/kueche-schweiz.ch\/app\/uploads\/2026\/02\/DSC_5851_korr-1024x683.jpg 1024w, https:\/\/kueche-schweiz.ch\/app\/uploads\/2026\/02\/DSC_5851_korr-768x513.jpg 768w, https:\/\/kueche-schweiz.ch\/app\/uploads\/2026\/02\/DSC_5851_korr-1536x1025.jpg 1536w, https:\/\/kueche-schweiz.ch\/app\/uploads\/2026\/02\/DSC_5851_korr-2048x1367.jpg 2048w\" sizes=\"auto, (max-width: 2560px) 100vw, 2560px\" \/><\/a><\/figure>\n\n<h3 style=\"font-style:normal;font-weight:700;\" class=\"alignwide wp-block-post-title has-var-wp-custom-typography-font-size-huge-clamp-2-25-rem-4-vw-2-75-rem-font-size\">MIRACLE D&#8217;ESPACE<\/h3>\n\n<div class=\"hersteller-info no-underlines\"><a href=\"https:\/\/www.stucki-mueller.ch\" class=\"hersteller-name\">Stucki K\u00fcchen AG<\/a><br \/><span class=\"hersteller-location\">R\u00fcfenacht<\/span><\/div>\n\n\n<div style=\"height:16px\" aria-hidden=\"true\" class=\"wp-block-spacer\"><\/div>\n<\/div>\n\n<\/li><li class=\"wp-block-post post-36899 kitchenproject type-kitchenproject status-publish has-post-thumbnail hentry kitchenproject-category-schoenste-kueche-fr kitchenproject-year-2013-2\">\n\n<div class=\"wp-block-group is-layout-constrained wp-block-group-is-layout-constrained\"><figure style=\"aspect-ratio:16\/9; margin-top:calc(1.75 * var(--wp--style--block-gap));\" class=\"alignwide wp-block-post-featured-image\"><a href=\"https:\/\/kueche-schweiz.ch\/fr\/kitchenproject\/cuisine-luthi\/\" target=\"_self\"  ><img loading=\"lazy\" decoding=\"async\" width=\"2560\" height=\"1920\" src=\"https:\/\/kueche-schweiz.ch\/app\/uploads\/2026\/02\/Kueche-Luethi-mit-Wohnzimmers-scaled.jpg\" class=\"attachment-post-thumbnail size-post-thumbnail wp-post-image\" alt=\"CUISINE L\u00dcTHI\" style=\"width:100%;height:100%;object-fit:cover;\" srcset=\"https:\/\/kueche-schweiz.ch\/app\/uploads\/2026\/02\/Kueche-Luethi-mit-Wohnzimmers-scaled.jpg 2560w, https:\/\/kueche-schweiz.ch\/app\/uploads\/2026\/02\/Kueche-Luethi-mit-Wohnzimmers-300x225.jpg 300w, https:\/\/kueche-schweiz.ch\/app\/uploads\/2026\/02\/Kueche-Luethi-mit-Wohnzimmers-1024x768.jpg 1024w, https:\/\/kueche-schweiz.ch\/app\/uploads\/2026\/02\/Kueche-Luethi-mit-Wohnzimmers-768x576.jpg 768w, https:\/\/kueche-schweiz.ch\/app\/uploads\/2026\/02\/Kueche-Luethi-mit-Wohnzimmers-1536x1152.jpg 1536w, https:\/\/kueche-schweiz.ch\/app\/uploads\/2026\/02\/Kueche-Luethi-mit-Wohnzimmers-2048x1536.jpg 2048w\" sizes=\"auto, (max-width: 2560px) 100vw, 2560px\" \/><\/a><\/figure>\n\n<h3 style=\"font-style:normal;font-weight:700;\" class=\"alignwide wp-block-post-title has-var-wp-custom-typography-font-size-huge-clamp-2-25-rem-4-vw-2-75-rem-font-size\">CUISINE L\u00dcTHI<\/h3>\n\n<div class=\"hersteller-info no-underlines\"><a href=\"https:\/\/www.stucki-mueller.ch\" class=\"hersteller-name\">Stucki K\u00fcchen AG<\/a><br \/><span class=\"hersteller-location\">R\u00fcfenacht<\/span><\/div>\n\n\n<div style=\"height:16px\" aria-hidden=\"true\" class=\"wp-block-spacer\"><\/div>\n<\/div>\n\n<\/li><li class=\"wp-block-post post-36897 kitchenproject type-kitchenproject status-publish has-post-thumbnail hentry kitchenproject-category-schoenste-kueche-fr kitchenproject-year-2013-2\">\n\n<div class=\"wp-block-group is-layout-constrained wp-block-group-is-layout-constrained\"><figure style=\"aspect-ratio:16\/9; margin-top:calc(1.75 * var(--wp--style--block-gap));\" class=\"alignwide wp-block-post-featured-image\"><a href=\"https:\/\/kueche-schweiz.ch\/fr\/kitchenproject\/opportuno\/\" target=\"_self\"  ><img loading=\"lazy\" decoding=\"async\" width=\"2560\" height=\"1696\" src=\"https:\/\/kueche-schweiz.ch\/app\/uploads\/2026\/02\/Opportuno-1-scaled.jpg\" class=\"attachment-post-thumbnail size-post-thumbnail wp-post-image\" alt=\"OPPORTUNO\" style=\"width:100%;height:100%;object-fit:cover;\" srcset=\"https:\/\/kueche-schweiz.ch\/app\/uploads\/2026\/02\/Opportuno-1-scaled.jpg 2560w, https:\/\/kueche-schweiz.ch\/app\/uploads\/2026\/02\/Opportuno-1-300x199.jpg 300w, https:\/\/kueche-schweiz.ch\/app\/uploads\/2026\/02\/Opportuno-1-1024x678.jpg 1024w, https:\/\/kueche-schweiz.ch\/app\/uploads\/2026\/02\/Opportuno-1-768x509.jpg 768w, https:\/\/kueche-schweiz.ch\/app\/uploads\/2026\/02\/Opportuno-1-1536x1017.jpg 1536w, https:\/\/kueche-schweiz.ch\/app\/uploads\/2026\/02\/Opportuno-1-2048x1356.jpg 2048w\" sizes=\"auto, (max-width: 2560px) 100vw, 2560px\" \/><\/a><\/figure>\n\n<h3 style=\"font-style:normal;font-weight:700;\" class=\"alignwide wp-block-post-title has-var-wp-custom-typography-font-size-huge-clamp-2-25-rem-4-vw-2-75-rem-font-size\">OPPORTUNO<\/h3>\n\n<div class=\"hersteller-info no-underlines\"><a href=\"https:\/\/www.roesch-kuechen.ch\" class=\"hersteller-name\">R\u00f6sch K\u00fcchen AG<\/a><br \/><span class=\"hersteller-location\">Wattenschwil<\/span><\/div>\n\n\n<div style=\"height:16px\" aria-hidden=\"true\" class=\"wp-block-spacer\"><\/div>\n<\/div>\n\n<\/li><li class=\"wp-block-post post-36887 kitchenproject type-kitchenproject status-publish has-post-thumbnail hentry kitchenproject-category-schoenste-kueche-fr kitchenproject-year-2013-2\">\n\n<div class=\"wp-block-group is-layout-constrained wp-block-group-is-layout-constrained\"><figure style=\"aspect-ratio:16\/9; margin-top:calc(1.75 * var(--wp--style--block-gap));\" class=\"alignwide wp-block-post-featured-image\"><a href=\"https:\/\/kueche-schweiz.ch\/fr\/kitchenproject\/zenith-3\/\" target=\"_self\"  ><img loading=\"lazy\" decoding=\"async\" width=\"2560\" height=\"1714\" src=\"https:\/\/kueche-schweiz.ch\/app\/uploads\/2026\/02\/RB23254-scaled.jpg\" class=\"attachment-post-thumbnail size-post-thumbnail wp-post-image\" alt=\"Z\u00c9NITH 3\" style=\"width:100%;height:100%;object-fit:cover;\" srcset=\"https:\/\/kueche-schweiz.ch\/app\/uploads\/2026\/02\/RB23254-scaled.jpg 2560w, https:\/\/kueche-schweiz.ch\/app\/uploads\/2026\/02\/RB23254-300x201.jpg 300w, https:\/\/kueche-schweiz.ch\/app\/uploads\/2026\/02\/RB23254-1024x685.jpg 1024w, https:\/\/kueche-schweiz.ch\/app\/uploads\/2026\/02\/RB23254-768x514.jpg 768w, https:\/\/kueche-schweiz.ch\/app\/uploads\/2026\/02\/RB23254-1536x1028.jpg 1536w, https:\/\/kueche-schweiz.ch\/app\/uploads\/2026\/02\/RB23254-2048x1371.jpg 2048w\" sizes=\"auto, (max-width: 2560px) 100vw, 2560px\" \/><\/a><\/figure>\n\n<h3 style=\"font-style:normal;font-weight:700;\" class=\"alignwide wp-block-post-title has-var-wp-custom-typography-font-size-huge-clamp-2-25-rem-4-vw-2-75-rem-font-size\">Z\u00c9NITH 3<\/h3>\n\n<div class=\"hersteller-info no-underlines\"><a href=\"https:\/\/www.rogenmoser-design.ch\" class=\"hersteller-name\">Rogenmoser K\u00fcchenbau AG<\/a><br \/><span class=\"hersteller-location\">Unter\u00e4geri<\/span><\/div>\n\n\n<div style=\"height:16px\" aria-hidden=\"true\" class=\"wp-block-spacer\"><\/div>\n<\/div>\n\n<\/li><li class=\"wp-block-post post-36885 kitchenproject type-kitchenproject status-publish has-post-thumbnail hentry kitchenproject-category-schoenste-kueche-fr kitchenproject-year-2013-2\">\n\n<div class=\"wp-block-group is-layout-constrained wp-block-group-is-layout-constrained\"><figure style=\"aspect-ratio:16\/9; margin-top:calc(1.75 * var(--wp--style--block-gap));\" class=\"alignwide wp-block-post-featured-image\"><a href=\"https:\/\/kueche-schweiz.ch\/fr\/kitchenproject\/zenith-ii\/\" target=\"_self\"  ><img loading=\"lazy\" decoding=\"async\" width=\"2560\" height=\"1709\" src=\"https:\/\/kueche-schweiz.ch\/app\/uploads\/2026\/02\/Lojacono-039-scaled.jpg\" class=\"attachment-post-thumbnail size-post-thumbnail wp-post-image\" alt=\"Z\u00c9NITH II\" style=\"width:100%;height:100%;object-fit:cover;\" srcset=\"https:\/\/kueche-schweiz.ch\/app\/uploads\/2026\/02\/Lojacono-039-scaled.jpg 2560w, https:\/\/kueche-schweiz.ch\/app\/uploads\/2026\/02\/Lojacono-039-300x200.jpg 300w, https:\/\/kueche-schweiz.ch\/app\/uploads\/2026\/02\/Lojacono-039-1024x683.jpg 1024w, https:\/\/kueche-schweiz.ch\/app\/uploads\/2026\/02\/Lojacono-039-768x513.jpg 768w, https:\/\/kueche-schweiz.ch\/app\/uploads\/2026\/02\/Lojacono-039-1536x1025.jpg 1536w, https:\/\/kueche-schweiz.ch\/app\/uploads\/2026\/02\/Lojacono-039-2048x1367.jpg 2048w\" sizes=\"auto, (max-width: 2560px) 100vw, 2560px\" \/><\/a><\/figure>\n\n<h3 style=\"font-style:normal;font-weight:700;\" class=\"alignwide wp-block-post-title has-var-wp-custom-typography-font-size-huge-clamp-2-25-rem-4-vw-2-75-rem-font-size\">Z\u00c9NITH II<\/h3>\n\n<div class=\"hersteller-info no-underlines\"><a href=\"https:\/\/www.rogenmoser-design.ch\" class=\"hersteller-name\">Rogenmoser K\u00fcchenbau AG<\/a><br \/><span class=\"hersteller-location\">Unter\u00e4geri<\/span><\/div>\n\n\n<div style=\"height:16px\" aria-hidden=\"true\" class=\"wp-block-spacer\"><\/div>\n<\/div>\n\n<\/li><li class=\"wp-block-post post-36883 kitchenproject type-kitchenproject status-publish has-post-thumbnail hentry kitchenproject-category-schoenste-kueche-fr kitchenproject-year-2013-2\">\n\n<div class=\"wp-block-group is-layout-constrained wp-block-group-is-layout-constrained\"><figure style=\"aspect-ratio:16\/9; margin-top:calc(1.75 * var(--wp--style--block-gap));\" class=\"alignwide wp-block-post-featured-image\"><a href=\"https:\/\/kueche-schweiz.ch\/fr\/kitchenproject\/zenith\/\" target=\"_self\"  ><img loading=\"lazy\" decoding=\"async\" width=\"2560\" height=\"1503\" src=\"https:\/\/kueche-schweiz.ch\/app\/uploads\/2026\/02\/Rogenmoser-12-scaled.jpg\" class=\"attachment-post-thumbnail size-post-thumbnail wp-post-image\" alt=\"Z\u00c9NITH\" style=\"width:100%;height:100%;object-fit:cover;\" srcset=\"https:\/\/kueche-schweiz.ch\/app\/uploads\/2026\/02\/Rogenmoser-12-scaled.jpg 2560w, https:\/\/kueche-schweiz.ch\/app\/uploads\/2026\/02\/Rogenmoser-12-300x176.jpg 300w, https:\/\/kueche-schweiz.ch\/app\/uploads\/2026\/02\/Rogenmoser-12-1024x601.jpg 1024w, https:\/\/kueche-schweiz.ch\/app\/uploads\/2026\/02\/Rogenmoser-12-768x451.jpg 768w, https:\/\/kueche-schweiz.ch\/app\/uploads\/2026\/02\/Rogenmoser-12-1536x902.jpg 1536w, https:\/\/kueche-schweiz.ch\/app\/uploads\/2026\/02\/Rogenmoser-12-2048x1203.jpg 2048w\" sizes=\"auto, (max-width: 2560px) 100vw, 2560px\" \/><\/a><\/figure>\n\n<h3 style=\"font-style:normal;font-weight:700;\" class=\"alignwide wp-block-post-title has-var-wp-custom-typography-font-size-huge-clamp-2-25-rem-4-vw-2-75-rem-font-size\">Z\u00c9NITH<\/h3>\n\n<div class=\"hersteller-info no-underlines\"><a href=\"https:\/\/www.rogenmoser-design.ch\" class=\"hersteller-name\">Rogenmoser K\u00fcchenbau AG<\/a><br \/><span class=\"hersteller-location\">Unter\u00e4geri<\/span><\/div>\n\n\n<div style=\"height:16px\" aria-hidden=\"true\" class=\"wp-block-spacer\"><\/div>\n<\/div>\n\n<\/li><li class=\"wp-block-post post-36881 kitchenproject type-kitchenproject status-publish has-post-thumbnail hentry kitchenproject-category-schoenste-kueche-fr kitchenproject-year-2013-2\">\n\n<div class=\"wp-block-group is-layout-constrained wp-block-group-is-layout-constrained\"><figure style=\"aspect-ratio:16\/9; margin-top:calc(1.75 * var(--wp--style--block-gap));\" class=\"alignwide wp-block-post-featured-image\"><a href=\"https:\/\/kueche-schweiz.ch\/fr\/kitchenproject\/noble-contraste\/\" target=\"_self\"  ><img loading=\"lazy\" decoding=\"async\" width=\"2560\" height=\"1701\" src=\"https:\/\/kueche-schweiz.ch\/app\/uploads\/2026\/02\/055-scaled.jpg\" class=\"attachment-post-thumbnail size-post-thumbnail wp-post-image\" alt=\"NOBLE CONTRASTE\" style=\"width:100%;height:100%;object-fit:cover;\" srcset=\"https:\/\/kueche-schweiz.ch\/app\/uploads\/2026\/02\/055-scaled.jpg 2560w, https:\/\/kueche-schweiz.ch\/app\/uploads\/2026\/02\/055-300x199.jpg 300w, https:\/\/kueche-schweiz.ch\/app\/uploads\/2026\/02\/055-1024x680.jpg 1024w, https:\/\/kueche-schweiz.ch\/app\/uploads\/2026\/02\/055-768x510.jpg 768w, https:\/\/kueche-schweiz.ch\/app\/uploads\/2026\/02\/055-1536x1021.jpg 1536w, https:\/\/kueche-schweiz.ch\/app\/uploads\/2026\/02\/055-2048x1361.jpg 2048w\" sizes=\"auto, (max-width: 2560px) 100vw, 2560px\" \/><\/a><\/figure>\n\n<h3 style=\"font-style:normal;font-weight:700;\" class=\"alignwide wp-block-post-title has-var-wp-custom-typography-font-size-huge-clamp-2-25-rem-4-vw-2-75-rem-font-size\">NOBLE CONTRASTE<\/h3>\n\n<div class=\"hersteller-info no-underlines\"><a href=\"https:\/\/www.roccabois.ch\" class=\"hersteller-name\">Roccabois Exploitation SA<\/a><br \/><span class=\"hersteller-location\">Charrat<\/span><\/div>\n\n\n<div style=\"height:16px\" aria-hidden=\"true\" class=\"wp-block-spacer\"><\/div>\n<\/div>\n\n<\/li><li class=\"wp-block-post post-36879 kitchenproject type-kitchenproject status-publish has-post-thumbnail hentry kitchenproject-category-schoenste-kueche-fr kitchenproject-year-2013-2\">\n\n<div class=\"wp-block-group is-layout-constrained wp-block-group-is-layout-constrained\"><figure style=\"aspect-ratio:16\/9; margin-top:calc(1.75 * var(--wp--style--block-gap));\" class=\"alignwide wp-block-post-featured-image\"><a href=\"https:\/\/kueche-schweiz.ch\/fr\/kitchenproject\/blanc-moderne\/\" target=\"_self\"  ><img loading=\"lazy\" decoding=\"async\" width=\"800\" height=\"600\" src=\"https:\/\/kueche-schweiz.ch\/app\/uploads\/2026\/02\/WEBDetail-BarkanteP1060690.jpg\" class=\"attachment-post-thumbnail size-post-thumbnail wp-post-image\" alt=\"BLANC MODERNE\" style=\"width:100%;height:100%;object-fit:cover;\" srcset=\"https:\/\/kueche-schweiz.ch\/app\/uploads\/2026\/02\/WEBDetail-BarkanteP1060690.jpg 800w, https:\/\/kueche-schweiz.ch\/app\/uploads\/2026\/02\/WEBDetail-BarkanteP1060690-300x225.jpg 300w, https:\/\/kueche-schweiz.ch\/app\/uploads\/2026\/02\/WEBDetail-BarkanteP1060690-768x576.jpg 768w\" sizes=\"auto, (max-width: 800px) 100vw, 800px\" \/><\/a><\/figure>\n\n<h3 style=\"font-style:normal;font-weight:700;\" class=\"alignwide wp-block-post-title has-var-wp-custom-typography-font-size-huge-clamp-2-25-rem-4-vw-2-75-rem-font-size\">BLANC MODERNE<\/h3>\n\n<div class=\"hersteller-info no-underlines\"><a href=\"https:\/\/www.murer-kuechen.ch\" class=\"hersteller-name\">Murer + Gwerder AG<\/a><br \/><span class=\"hersteller-location\">Weggis<\/span><\/div>\n\n\n<div style=\"height:16px\" aria-hidden=\"true\" class=\"wp-block-spacer\"><\/div>\n<\/div>\n\n<\/li><li class=\"wp-block-post post-36877 kitchenproject type-kitchenproject status-publish has-post-thumbnail hentry kitchenproject-category-schoenste-kueche-fr kitchenproject-year-2013-2\">\n\n<div class=\"wp-block-group is-layout-constrained wp-block-group-is-layout-constrained\"><figure style=\"aspect-ratio:16\/9; margin-top:calc(1.75 * var(--wp--style--block-gap));\" class=\"alignwide wp-block-post-featured-image\"><a href=\"https:\/\/kueche-schweiz.ch\/fr\/kitchenproject\/ligne-naturelle\/\" target=\"_self\"  ><img loading=\"lazy\" decoding=\"async\" width=\"1200\" height=\"900\" src=\"https:\/\/kueche-schweiz.ch\/app\/uploads\/2026\/02\/naturline1.jpg\" class=\"attachment-post-thumbnail size-post-thumbnail wp-post-image\" alt=\"LIGNE NATURELLE\" style=\"width:100%;height:100%;object-fit:cover;\" srcset=\"https:\/\/kueche-schweiz.ch\/app\/uploads\/2026\/02\/naturline1.jpg 1200w, https:\/\/kueche-schweiz.ch\/app\/uploads\/2026\/02\/naturline1-300x225.jpg 300w, https:\/\/kueche-schweiz.ch\/app\/uploads\/2026\/02\/naturline1-1024x768.jpg 1024w, https:\/\/kueche-schweiz.ch\/app\/uploads\/2026\/02\/naturline1-768x576.jpg 768w\" sizes=\"auto, (max-width: 1200px) 100vw, 1200px\" \/><\/a><\/figure>\n\n<h3 style=\"font-style:normal;font-weight:700;\" class=\"alignwide wp-block-post-title has-var-wp-custom-typography-font-size-huge-clamp-2-25-rem-4-vw-2-75-rem-font-size\">LIGNE NATURELLE<\/h3>\n\n<div class=\"hersteller-info no-underlines\"><a href=\"https:\/\/www.linth-kuechen.ch\" class=\"hersteller-name\">Linth K\u00fcchen GmbH<\/a><br \/><span class=\"hersteller-location\">Kaltbrunn<\/span><\/div>\n\n\n<div style=\"height:16px\" aria-hidden=\"true\" class=\"wp-block-spacer\"><\/div>\n<\/div>\n\n<\/li><\/ul>\n\n<nav class=\"alignwide wp-block-query-pagination is-content-justification-space-between is-layout-flex wp-container-core-query-pagination-is-layout-b2891da8 wp-block-query-pagination-is-layout-flex\" aria-label=\"Pagination\">\n\n\n<div class=\"wp-block-query-pagination-numbers\"><span aria-current=\"page\" class=\"page-numbers current\">1<\/span>\n<a class=\"page-numbers\" href=\"?query-22-page=2\">2<\/a>\n<a class=\"page-numbers\" href=\"?query-22-page=3\">3<\/a>\n<span class=\"page-numbers dots\">\u2026<\/span>\n<a class=\"page-numbers\" href=\"?query-22-page=15\">15<\/a><\/div>\n\n<a href=\"\/fr\/wp-json\/wp\/v2\/pages\/18177?query-22-page=2\" class=\"wp-block-query-pagination-next has-small-font-size\">Page suivante<span class='wp-block-query-pagination-next-arrow is-arrow-arrow' aria-hidden='true'>\u2192<\/span><\/a>\n<\/nav><\/div>\n<\/div>\n","protected":false},"excerpt":{"rendered":"<p>Prix de la soumission de projets Les projets soumis pour le SWISS KITCHEN AWARD sont une mine d&#8217;inspiration et d&#8217;id\u00e9es pour tous ceux qui souhaitent r\u00e9nover ou cr\u00e9er leur cuisine. Des concepts d&#8217;espace innovants aux combinaisons cr\u00e9atives de mat\u00e9riaux, il existe une multitude de designs \u00e0 la fois fonctionnels et esth\u00e9tiques. D\u00e9couvrez comment l&#8217;artisanat d&#8217;art [&hellip;]<\/p>\n","protected":false},"author":1,"featured_media":0,"parent":18175,"menu_order":83,"comment_status":"closed","ping_status":"closed","template":"","meta":{"_acf_changed":false,"inline_featured_image":false,"footnotes":""},"class_list":["post-18177","page","type-page","status-publish","hentry"],"acf":[],"yoast_head":"<!-- This site is optimized with the Yoast SEO plugin v27.3 - https:\/\/yoast.com\/product\/yoast-seo-wordpress\/ -->\n<title>Projets de prix - K\u00fcche Schweiz<\/title>\n<meta name=\"robots\" content=\"index, follow, max-snippet:-1, max-image-preview:large, max-video-preview:-1\" \/>\n<link rel=\"canonical\" href=\"https:\/\/kueche-schweiz.ch\/fr\/consommateurs-et-maitres-douvrage\/inspiration-cuisine\/projets-de-prix\/\" \/>\n<link rel=\"next\" href=\"https:\/\/kueche-schweiz.ch\/fr\/consommateurs-et-maitres-douvrage\/inspiration-cuisine\/projets-de-prix\/18177?query-22-page=2\" \/>\n<meta property=\"og:locale\" content=\"fr_FR\" \/>\n<meta property=\"og:type\" content=\"article\" \/>\n<meta property=\"og:title\" content=\"Projets de prix - K\u00fcche Schweiz\" \/>\n<meta property=\"og:description\" content=\"Prix de la soumission de projets Les projets soumis pour le SWISS KITCHEN AWARD sont une mine d&#8217;inspiration et d&#8217;id\u00e9es pour tous ceux qui souhaitent r\u00e9nover ou cr\u00e9er leur cuisine. Des concepts d&#8217;espace innovants aux combinaisons cr\u00e9atives de mat\u00e9riaux, il existe une multitude de designs \u00e0 la fois fonctionnels et esth\u00e9tiques. D\u00e9couvrez comment l&#8217;artisanat d&#8217;art [&hellip;]\" \/>\n<meta property=\"og:url\" content=\"https:\/\/kueche-schweiz.ch\/fr\/consommateurs-et-maitres-douvrage\/inspiration-cuisine\/projets-de-prix\/\" \/>\n<meta property=\"og:site_name\" content=\"K\u00fcche Schweiz\" \/>\n<meta property=\"article:modified_time\" content=\"2025-12-03T11:41:52+00:00\" \/>\n<meta property=\"og:image\" content=\"https:\/\/kueche-schweiz.ch\/app\/uploads\/2025\/11\/LUNAVO_31086_file_image_lead-scaled.jpg\" \/>\n\t<meta property=\"og:image:width\" content=\"2560\" \/>\n\t<meta property=\"og:image:height\" content=\"1920\" \/>\n\t<meta property=\"og:image:type\" content=\"image\/jpeg\" \/>\n<meta name=\"twitter:card\" content=\"summary_large_image\" \/>\n<meta name=\"twitter:label1\" content=\"Dur\u00e9e de lecture estim\u00e9e\" \/>\n\t<meta name=\"twitter:data1\" content=\"1 minute\" \/>\n<script type=\"application\/ld+json\" class=\"yoast-schema-graph\">{\"@context\":\"https:\\\/\\\/schema.org\",\"@graph\":[{\"@type\":\"WebPage\",\"@id\":\"https:\\\/\\\/kueche-schweiz.ch\\\/fr\\\/consommateurs-et-maitres-douvrage\\\/inspiration-cuisine\\\/projets-de-prix\\\/\",\"url\":\"https:\\\/\\\/kueche-schweiz.ch\\\/fr\\\/consommateurs-et-maitres-douvrage\\\/inspiration-cuisine\\\/projets-de-prix\\\/\",\"name\":\"Projets de prix - K\u00fcche Schweiz\",\"isPartOf\":{\"@id\":\"https:\\\/\\\/kueche-schweiz.ch\\\/#website\"},\"primaryImageOfPage\":{\"@id\":\"https:\\\/\\\/kueche-schweiz.ch\\\/fr\\\/consommateurs-et-maitres-douvrage\\\/inspiration-cuisine\\\/projets-de-prix\\\/#primaryimage\"},\"image\":{\"@id\":\"https:\\\/\\\/kueche-schweiz.ch\\\/fr\\\/consommateurs-et-maitres-douvrage\\\/inspiration-cuisine\\\/projets-de-prix\\\/#primaryimage\"},\"thumbnailUrl\":\"https:\\\/\\\/kueche-schweiz.ch\\\/app\\\/uploads\\\/2025\\\/11\\\/LUNAVO_31086_file_image_lead-1024x768.jpg\",\"datePublished\":\"2024-04-04T15:04:19+00:00\",\"dateModified\":\"2025-12-03T11:41:52+00:00\",\"breadcrumb\":{\"@id\":\"https:\\\/\\\/kueche-schweiz.ch\\\/fr\\\/consommateurs-et-maitres-douvrage\\\/inspiration-cuisine\\\/projets-de-prix\\\/#breadcrumb\"},\"inLanguage\":\"fr-FR\",\"potentialAction\":[{\"@type\":\"ReadAction\",\"target\":[\"https:\\\/\\\/kueche-schweiz.ch\\\/fr\\\/consommateurs-et-maitres-douvrage\\\/inspiration-cuisine\\\/projets-de-prix\\\/\"]}]},{\"@type\":\"ImageObject\",\"inLanguage\":\"fr-FR\",\"@id\":\"https:\\\/\\\/kueche-schweiz.ch\\\/fr\\\/consommateurs-et-maitres-douvrage\\\/inspiration-cuisine\\\/projets-de-prix\\\/#primaryimage\",\"url\":\"https:\\\/\\\/kueche-schweiz.ch\\\/app\\\/uploads\\\/2025\\\/11\\\/LUNAVO_31086_file_image_lead-1024x768.jpg\",\"contentUrl\":\"https:\\\/\\\/kueche-schweiz.ch\\\/app\\\/uploads\\\/2025\\\/11\\\/LUNAVO_31086_file_image_lead-1024x768.jpg\"},{\"@type\":\"BreadcrumbList\",\"@id\":\"https:\\\/\\\/kueche-schweiz.ch\\\/fr\\\/consommateurs-et-maitres-douvrage\\\/inspiration-cuisine\\\/projets-de-prix\\\/#breadcrumb\",\"itemListElement\":[{\"@type\":\"ListItem\",\"position\":1,\"name\":\"Page d'accueil\",\"item\":\"https:\\\/\\\/kueche-schweiz.ch\\\/fr\\\/\"},{\"@type\":\"ListItem\",\"position\":2,\"name\":\"Consommateurs et ma\u00eetres d&#8217;ouvrage\",\"item\":\"https:\\\/\\\/kueche-schweiz.ch\\\/fr\\\/consommateurs-et-maitres-douvrage\\\/\"},{\"@type\":\"ListItem\",\"position\":3,\"name\":\"Inspiration cuisine\",\"item\":\"https:\\\/\\\/kueche-schweiz.ch\\\/fr\\\/consommateurs-et-maitres-douvrage\\\/inspiration-cuisine\\\/\"},{\"@type\":\"ListItem\",\"position\":4,\"name\":\"Projets de prix\"}]},{\"@type\":\"WebSite\",\"@id\":\"https:\\\/\\\/kueche-schweiz.ch\\\/#website\",\"url\":\"https:\\\/\\\/kueche-schweiz.ch\\\/\",\"name\":\"K\u00fcche Schweiz\",\"description\":\"\",\"publisher\":{\"@id\":\"https:\\\/\\\/kueche-schweiz.ch\\\/#organization\"},\"potentialAction\":[{\"@type\":\"SearchAction\",\"target\":{\"@type\":\"EntryPoint\",\"urlTemplate\":\"https:\\\/\\\/kueche-schweiz.ch\\\/?s={search_term_string}\"},\"query-input\":{\"@type\":\"PropertyValueSpecification\",\"valueRequired\":true,\"valueName\":\"search_term_string\"}}],\"inLanguage\":\"fr-FR\"},{\"@type\":\"Organization\",\"@id\":\"https:\\\/\\\/kueche-schweiz.ch\\\/#organization\",\"name\":\"K\u00fcche Schweiz\",\"url\":\"https:\\\/\\\/kueche-schweiz.ch\\\/\",\"logo\":{\"@type\":\"ImageObject\",\"inLanguage\":\"fr-FR\",\"@id\":\"https:\\\/\\\/kueche-schweiz.ch\\\/#\\\/schema\\\/logo\\\/image\\\/\",\"url\":\"https:\\\/\\\/kueche-schweiz.ch\\\/app\\\/uploads\\\/2025\\\/01\\\/logo-kueche-schweiz.png\",\"contentUrl\":\"https:\\\/\\\/kueche-schweiz.ch\\\/app\\\/uploads\\\/2025\\\/01\\\/logo-kueche-schweiz.png\",\"width\":1417,\"height\":1846,\"caption\":\"K\u00fcche Schweiz\"},\"image\":{\"@id\":\"https:\\\/\\\/kueche-schweiz.ch\\\/#\\\/schema\\\/logo\\\/image\\\/\"}}]}<\/script>\n<!-- \/ Yoast SEO plugin. -->","yoast_head_json":{"title":"Projets de prix - K\u00fcche Schweiz","robots":{"index":"index","follow":"follow","max-snippet":"max-snippet:-1","max-image-preview":"max-image-preview:large","max-video-preview":"max-video-preview:-1"},"canonical":"https:\/\/kueche-schweiz.ch\/fr\/consommateurs-et-maitres-douvrage\/inspiration-cuisine\/projets-de-prix\/","next":"https:\/\/kueche-schweiz.ch\/fr\/consommateurs-et-maitres-douvrage\/inspiration-cuisine\/projets-de-prix\/18177?query-22-page=2","og_locale":"fr_FR","og_type":"article","og_title":"Projets de prix - K\u00fcche Schweiz","og_description":"Prix de la soumission de projets Les projets soumis pour le SWISS KITCHEN AWARD sont une mine d&#8217;inspiration et d&#8217;id\u00e9es pour tous ceux qui souhaitent r\u00e9nover ou cr\u00e9er leur cuisine. Des concepts d&#8217;espace innovants aux combinaisons cr\u00e9atives de mat\u00e9riaux, il existe une multitude de designs \u00e0 la fois fonctionnels et esth\u00e9tiques. D\u00e9couvrez comment l&#8217;artisanat d&#8217;art [&hellip;]","og_url":"https:\/\/kueche-schweiz.ch\/fr\/consommateurs-et-maitres-douvrage\/inspiration-cuisine\/projets-de-prix\/","og_site_name":"K\u00fcche Schweiz","article_modified_time":"2025-12-03T11:41:52+00:00","og_image":[{"width":2560,"height":1920,"url":"https:\/\/kueche-schweiz.ch\/app\/uploads\/2025\/11\/LUNAVO_31086_file_image_lead-scaled.jpg","type":"image\/jpeg"}],"twitter_card":"summary_large_image","twitter_misc":{"Dur\u00e9e de lecture estim\u00e9e":"1 minute"},"schema":{"@context":"https:\/\/schema.org","@graph":[{"@type":"WebPage","@id":"https:\/\/kueche-schweiz.ch\/fr\/consommateurs-et-maitres-douvrage\/inspiration-cuisine\/projets-de-prix\/","url":"https:\/\/kueche-schweiz.ch\/fr\/consommateurs-et-maitres-douvrage\/inspiration-cuisine\/projets-de-prix\/","name":"Projets de prix - K\u00fcche Schweiz","isPartOf":{"@id":"https:\/\/kueche-schweiz.ch\/#website"},"primaryImageOfPage":{"@id":"https:\/\/kueche-schweiz.ch\/fr\/consommateurs-et-maitres-douvrage\/inspiration-cuisine\/projets-de-prix\/#primaryimage"},"image":{"@id":"https:\/\/kueche-schweiz.ch\/fr\/consommateurs-et-maitres-douvrage\/inspiration-cuisine\/projets-de-prix\/#primaryimage"},"thumbnailUrl":"https:\/\/kueche-schweiz.ch\/app\/uploads\/2025\/11\/LUNAVO_31086_file_image_lead-1024x768.jpg","datePublished":"2024-04-04T15:04:19+00:00","dateModified":"2025-12-03T11:41:52+00:00","breadcrumb":{"@id":"https:\/\/kueche-schweiz.ch\/fr\/consommateurs-et-maitres-douvrage\/inspiration-cuisine\/projets-de-prix\/#breadcrumb"},"inLanguage":"fr-FR","potentialAction":[{"@type":"ReadAction","target":["https:\/\/kueche-schweiz.ch\/fr\/consommateurs-et-maitres-douvrage\/inspiration-cuisine\/projets-de-prix\/"]}]},{"@type":"ImageObject","inLanguage":"fr-FR","@id":"https:\/\/kueche-schweiz.ch\/fr\/consommateurs-et-maitres-douvrage\/inspiration-cuisine\/projets-de-prix\/#primaryimage","url":"https:\/\/kueche-schweiz.ch\/app\/uploads\/2025\/11\/LUNAVO_31086_file_image_lead-1024x768.jpg","contentUrl":"https:\/\/kueche-schweiz.ch\/app\/uploads\/2025\/11\/LUNAVO_31086_file_image_lead-1024x768.jpg"},{"@type":"BreadcrumbList","@id":"https:\/\/kueche-schweiz.ch\/fr\/consommateurs-et-maitres-douvrage\/inspiration-cuisine\/projets-de-prix\/#breadcrumb","itemListElement":[{"@type":"ListItem","position":1,"name":"Page d'accueil","item":"https:\/\/kueche-schweiz.ch\/fr\/"},{"@type":"ListItem","position":2,"name":"Consommateurs et ma\u00eetres d&#8217;ouvrage","item":"https:\/\/kueche-schweiz.ch\/fr\/consommateurs-et-maitres-douvrage\/"},{"@type":"ListItem","position":3,"name":"Inspiration cuisine","item":"https:\/\/kueche-schweiz.ch\/fr\/consommateurs-et-maitres-douvrage\/inspiration-cuisine\/"},{"@type":"ListItem","position":4,"name":"Projets de prix"}]},{"@type":"WebSite","@id":"https:\/\/kueche-schweiz.ch\/#website","url":"https:\/\/kueche-schweiz.ch\/","name":"K\u00fcche Schweiz","description":"","publisher":{"@id":"https:\/\/kueche-schweiz.ch\/#organization"},"potentialAction":[{"@type":"SearchAction","target":{"@type":"EntryPoint","urlTemplate":"https:\/\/kueche-schweiz.ch\/?s={search_term_string}"},"query-input":{"@type":"PropertyValueSpecification","valueRequired":true,"valueName":"search_term_string"}}],"inLanguage":"fr-FR"},{"@type":"Organization","@id":"https:\/\/kueche-schweiz.ch\/#organization","name":"K\u00fcche Schweiz","url":"https:\/\/kueche-schweiz.ch\/","logo":{"@type":"ImageObject","inLanguage":"fr-FR","@id":"https:\/\/kueche-schweiz.ch\/#\/schema\/logo\/image\/","url":"https:\/\/kueche-schweiz.ch\/app\/uploads\/2025\/01\/logo-kueche-schweiz.png","contentUrl":"https:\/\/kueche-schweiz.ch\/app\/uploads\/2025\/01\/logo-kueche-schweiz.png","width":1417,"height":1846,"caption":"K\u00fcche Schweiz"},"image":{"@id":"https:\/\/kueche-schweiz.ch\/#\/schema\/logo\/image\/"}}]}},"_links":{"self":[{"href":"https:\/\/kueche-schweiz.ch\/fr\/wp-json\/wp\/v2\/pages\/18177","targetHints":{"allow":["GET"]}}],"collection":[{"href":"https:\/\/kueche-schweiz.ch\/fr\/wp-json\/wp\/v2\/pages"}],"about":[{"href":"https:\/\/kueche-schweiz.ch\/fr\/wp-json\/wp\/v2\/types\/page"}],"author":[{"embeddable":true,"href":"https:\/\/kueche-schweiz.ch\/fr\/wp-json\/wp\/v2\/users\/1"}],"replies":[{"embeddable":true,"href":"https:\/\/kueche-schweiz.ch\/fr\/wp-json\/wp\/v2\/comments?post=18177"}],"version-history":[{"count":4,"href":"https:\/\/kueche-schweiz.ch\/fr\/wp-json\/wp\/v2\/pages\/18177\/revisions"}],"predecessor-version":[{"id":35845,"href":"https:\/\/kueche-schweiz.ch\/fr\/wp-json\/wp\/v2\/pages\/18177\/revisions\/35845"}],"up":[{"embeddable":true,"href":"https:\/\/kueche-schweiz.ch\/fr\/wp-json\/wp\/v2\/pages\/18175"}],"wp:attachment":[{"href":"https:\/\/kueche-schweiz.ch\/fr\/wp-json\/wp\/v2\/media?parent=18177"}],"curies":[{"name":"wp","href":"https:\/\/api.w.org\/{rel}","templated":true}]}}